{"id":17791,"date":"2023-12-08T17:43:44","date_gmt":"2023-12-08T16:43:44","guid":{"rendered":"https:\/\/luxul.lu\/zubehoer\/"},"modified":"2023-12-08T17:43:44","modified_gmt":"2023-12-08T16:43:44","slug":"zubehoer","status":"publish","type":"page","link":"https:\/\/luxbed.lu\/de\/zubehoer\/","title":{"rendered":"Zubeh\u00f6r"},"content":{"rendered":"<div class=\"wpb-content-wrapper\"><p>[vc_row css=&#8220;.vc_custom_1500912588648{margin-bottom: 5vh !important;}&#8220; el_class=&#8220;z-index-h position-relative&#8220;][vc_column]\n\t\t<div id=\"wd-5fa96dbca7635\" class=\"title-wrapper wd-wpb wd-set-mb reset-last-child  wd-rs-5fa96dbca7635 wd-title-color-primary wd-title-style-default text-center vc_custom_1604939236067 wd-width-enabled wd-underline-colored\" style=\"--wd-max-width: 60%;\">\n\t\t\t\t\t\t\t\n\t\t\t\t<div class=\"title-subtitle  subtitle-color-primary font-default subtitle-style-default wd-font-weight-600 wd-fontsize-xs\">Spezialist platzsparendes Klappbett in Luxemburg!<\/div>\n\t\t\t\n\t\t\t<div class=\"liner-continer\">\n\t\t\t\t<h1 class=\"woodmart-title-container title  wd-font-weight- wd-fontsize-l\" >Ein ausklappbares Bett f\u00fcr<br \/>\nein Zimmer voller Tr\u00e4ume<\/h1>\n\t\t\t\t\t\t\t<\/div>\n\t\t\t\n\t\t\t\t\t\t\t<div class=\"title-after_title reset-last-child  wd-fontsize-xs\">Richten Sie sich ein und sparen Sie ganz einfach Platz mit unseren M\u00f6beln, die sich f\u00fcr die Optimierung von R\u00e4umen eignen. luxul entwickelt mit seinem Team seit \u00fcber 30 Jahren eine Kollektion von hochwertigen platzsparenden M\u00f6beln.<\/div>\n\t\t\t\n\t\t\t\n\t\t<\/div>\n\t\t\n\t\t[\/vc_column][\/vc_row][vc_row][vc_column]\t\t\t<div id=\"\" class=\"wd-products-element wd-rs-624a213d51edd wd-wpb\">\n\t\t\t\n\t\t\n\t\t\t\t\t<div class=\"products wd-products  grid-columns-3 elements-grid wd-grid-g products-bordered-grid title-line-two\" data-paged=\"1\" data-atts=\"{&quot;taxonomies&quot;:&quot;42&quot;,&quot;items_per_page&quot;:&quot;99&quot;,&quot;columns&quot;:&quot;3&quot;,&quot;sale_countdown&quot;:&quot;0&quot;,&quot;stock_progress_bar&quot;:&quot;0&quot;,&quot;highlighted_products&quot;:&quot;0&quot;,&quot;products_bordered_grid&quot;:&quot;1&quot;,&quot;woodmart_css_id&quot;:&quot;624a213d51edd&quot;,&quot;force_not_ajax&quot;:&quot;no&quot;}\" data-source=\"shortcode\" data-columns=\"3\" data-grid-gallery=\"\" style=\"--wd-col-lg:3;--wd-col-md:3;--wd-col-sm:2;--wd-gap-lg:20px;--wd-gap-sm:10px;\">\n\t\t\t<div class=\"wd-product wd-with-labels wd-hover-standard wd-col product-grid-item product type-product post-18614 status-publish instock product_cat-sofas product_cat-zubehor has-post-thumbnail sale taxable shipping-taxable purchasable product-type-variable\" data-loop=\"1\" data-id=\"18614\">\n\t\n\t\n<div class=\"product-wrapper\">\n\t<div class=\"product-element-top wd-quick-shop\">\n\t\t<a href=\"https:\/\/luxbed.lu\/de\/ultramodernes-umwandelbares-klappsofa\/\" class=\"product-image-link\">\n\t\t\t<div class=\"product-labels labels-rectangular\"><span class=\"onsale product-label\">-44%<\/span><\/div><img loading=\"lazy\" decoding=\"async\" width=\"500\" height=\"500\" src=\"https:\/\/luxbed.lu\/wp-content\/uploads\/2022\/06\/canape-lit-pliant-convertible-ultra-moderne-canepe-ouverte-500x500.png\" class=\"attachment-woocommerce_thumbnail size-woocommerce_thumbnail\" alt=\"Lit escamotable luxul |\" srcset=\"https:\/\/luxbed.lu\/wp-content\/uploads\/2022\/06\/canape-lit-pliant-convertible-ultra-moderne-canepe-ouverte-500x500.png 500w, https:\/\/luxbed.lu\/wp-content\/uploads\/2022\/06\/canape-lit-pliant-convertible-ultra-moderne-canepe-ouverte-100x100.png 100w, https:\/\/luxbed.lu\/wp-content\/uploads\/2022\/06\/canape-lit-pliant-convertible-ultra-moderne-canepe-ouverte-300x300.png 300w, https:\/\/luxbed.lu\/wp-content\/uploads\/2022\/06\/canape-lit-pliant-convertible-ultra-moderne-canepe-ouverte-1024x1024.png 1024w, https:\/\/luxbed.lu\/wp-content\/uploads\/2022\/06\/canape-lit-pliant-convertible-ultra-moderne-canepe-ouverte-150x150.png 150w, https:\/\/luxbed.lu\/wp-content\/uploads\/2022\/06\/canape-lit-pliant-convertible-ultra-moderne-canepe-ouverte-768x768.png 768w, https:\/\/luxbed.lu\/wp-content\/uploads\/2022\/06\/canape-lit-pliant-convertible-ultra-moderne-canepe-ouverte-1000x1000.png 1000w, https:\/\/luxbed.lu\/wp-content\/uploads\/2022\/06\/canape-lit-pliant-convertible-ultra-moderne-canepe-ouverte-350x350.png 350w, https:\/\/luxbed.lu\/wp-content\/uploads\/2022\/06\/canape-lit-pliant-convertible-ultra-moderne-canepe-ouverte.png 1080w\" sizes=\"auto, (max-width: 500px) 100vw, 500px\" title=\"\">\t\t<\/a>\n\n\t\t\n\t\t<div class=\"wd-buttons wd-pos-r-t\">\n\t\t\t\t\t\t\t\t\t\t\t\t\t\t<\/div>\n\t<\/div>\n\n\t\n\t\n\t<h3 class=\"wd-entities-title\"><a href=\"https:\/\/luxbed.lu\/de\/ultramodernes-umwandelbares-klappsofa\/\">Ultramodernes umwandelbares Klappsofa<\/a><\/h3>\n\t\t\t\n\t<div class='jdgm-widget jdgm-preview-badge' data-id='18614'>\n\t<\/div>\n\n\t<span class=\"price\">\u00e0 partir de <span class=\"woocommerce-Price-amount amount\"><bdi>449,90<span class=\"woocommerce-Price-currencySymbol\">&euro;<\/span><\/bdi><\/span><\/span>\n\n\t<div class=\"wd-add-btn wd-add-btn-replace\">\n\t\t\n\t\t<a href=\"https:\/\/luxbed.lu\/de\/ultramodernes-umwandelbares-klappsofa\/\" aria-describedby=\"woocommerce_loop_add_to_cart_link_describedby_18614\" data-quantity=\"1\" class=\"button product_type_variable add_to_cart_button add-to-cart-loop\" data-product_id=\"18614\" data-product_sku=\"LX-090\" aria-label=\"W\u00e4hle Optionen f\u00fcr \u201eUltramodernes umwandelbares Klappsofa\u201c\" rel=\"nofollow\"><span>Ausf\u00fchrung w\u00e4hlen<\/span><\/a>\t<span id=\"woocommerce_loop_add_to_cart_link_describedby_18614\" class=\"screen-reader-text\">\n\t\tDieses Produkt weist mehrere Varianten auf. Die Optionen k\u00f6nnen auf der Produktseite gew\u00e4hlt werden\t<\/span>\n\t<\/div>\n\n\t\n\t\n\t\t<\/div>\n<\/div>\n<div class=\"wd-product wd-hover-standard wd-col product-grid-item product type-product post-18827 status-publish instock product_cat-aufbewahrungsmobel product_cat-aufbewahrungsmobel-de product_cat-zubehor taxable shipping-taxable purchasable product-type-simple\" data-loop=\"2\" data-id=\"18827\">\n\t\n\t\n<div class=\"product-wrapper\">\n\t<div class=\"product-element-top wd-quick-shop\">\n\t\t<a href=\"https:\/\/luxbed.lu\/de\/2-tueriger-schrank-mit-einer-schublade-unten\/\" class=\"product-image-link\">\n\t\t\t<img loading=\"lazy\" decoding=\"async\" width=\"500\" height=\"500\" src=\"https:\/\/luxbed.lu\/wp-content\/uploads\/woocommerce-placeholder-500x500.png\" class=\"woocommerce-placeholder wp-post-image\" alt=\"Platzhalter\" srcset=\"https:\/\/luxbed.lu\/wp-content\/uploads\/woocommerce-placeholder-500x500.png 500w, https:\/\/luxbed.lu\/wp-content\/uploads\/woocommerce-placeholder-350x350.png 350w, https:\/\/luxbed.lu\/wp-content\/uploads\/woocommerce-placeholder-300x300.png 300w, https:\/\/luxbed.lu\/wp-content\/uploads\/woocommerce-placeholder-150x150.png 150w, https:\/\/luxbed.lu\/wp-content\/uploads\/woocommerce-placeholder-768x768.png 768w, https:\/\/luxbed.lu\/wp-content\/uploads\/woocommerce-placeholder.png 924w\" sizes=\"auto, (max-width: 500px) 100vw, 500px\" title=\"\">\t\t<\/a>\n\n\t\t\t\t\t<div class=\"hover-img\">\n\t\t\t\t<a href=\"https:\/\/luxbed.lu\/de\/2-tueriger-schrank-mit-einer-schublade-unten\/\" aria-label=\"Product image\">\n\t\t\t\t\t<img loading=\"lazy\" decoding=\"async\" width=\"500\" height=\"500\" src=\"https:\/\/luxbed.lu\/wp-content\/uploads\/woocommerce-placeholder-500x500.png\" class=\"woocommerce-placeholder wp-post-image\" alt=\"Platzhalter\" srcset=\"https:\/\/luxbed.lu\/wp-content\/uploads\/woocommerce-placeholder-500x500.png 500w, https:\/\/luxbed.lu\/wp-content\/uploads\/woocommerce-placeholder-350x350.png 350w, https:\/\/luxbed.lu\/wp-content\/uploads\/woocommerce-placeholder-300x300.png 300w, https:\/\/luxbed.lu\/wp-content\/uploads\/woocommerce-placeholder-150x150.png 150w, https:\/\/luxbed.lu\/wp-content\/uploads\/woocommerce-placeholder-768x768.png 768w, https:\/\/luxbed.lu\/wp-content\/uploads\/woocommerce-placeholder.png 924w\" sizes=\"auto, (max-width: 500px) 100vw, 500px\" title=\"\">\t\t\t\t<\/a>\n\t\t\t<\/div>\n\t\t\t\n\t\t<div class=\"wd-buttons wd-pos-r-t\">\n\t\t\t\t\t\t\t\t\t\t\t\t\t\t<\/div>\n\t<\/div>\n\n\t\n\t\n\t<h3 class=\"wd-entities-title\"><a href=\"https:\/\/luxbed.lu\/de\/2-tueriger-schrank-mit-einer-schublade-unten\/\">2-t\u00fcriger Schrank mit einer Schublade unten<\/a><\/h3>\n\t\t\t\n\t<div class='jdgm-widget jdgm-preview-badge' data-id='18827'>\n\t<\/div>\n\n\t<span class=\"price\"><span class=\"woocommerce-Price-amount amount\"><bdi>339,24<span class=\"woocommerce-Price-currencySymbol\">&euro;<\/span><\/bdi><\/span><\/span>\n\n\t<div class=\"wd-add-btn wd-add-btn-replace\">\n\t\t\n\t\t<a href=\"?add-to-cart=18827\" aria-describedby=\"woocommerce_loop_add_to_cart_link_describedby_18827\" data-quantity=\"1\" class=\"button product_type_simple add_to_cart_button ajax_add_to_cart add-to-cart-loop\" data-product_id=\"18827\" data-product_sku=\"LX209\" aria-label=\"In den Warenkorb legen: \u201e2-t\u00fcriger Schrank mit einer Schublade unten\u201c\" rel=\"nofollow\" data-success_message=\"\u201e2-t\u00fcriger Schrank mit einer Schublade unten\u201c wurde deinem Warenkorb hinzugef\u00fcgt\"><span>In den Warenkorb<\/span><\/a>\t<span id=\"woocommerce_loop_add_to_cart_link_describedby_18827\" class=\"screen-reader-text\">\n\t\t\t<\/span>\n\t<\/div>\n\n\t\n\t\n\t\t<\/div>\n<\/div>\n<div class=\"wd-product wd-hover-standard wd-col product-grid-item product type-product post-18534 status-publish last instock product_cat-aufbewahrungsmobel product_cat-zubehor has-post-thumbnail taxable shipping-taxable purchasable product-type-simple\" data-loop=\"3\" data-id=\"18534\">\n\t\n\t\n<div class=\"product-wrapper\">\n\t<div class=\"product-element-top wd-quick-shop\">\n\t\t<a href=\"https:\/\/luxbed.lu\/de\/3-tueriger-schrank-mit-kleiderschrank-und-2-schubladen-unten\/\" class=\"product-image-link\">\n\t\t\t<img loading=\"lazy\" decoding=\"async\" width=\"500\" height=\"500\" src=\"https:\/\/luxbed.lu\/wp-content\/uploads\/2020\/10\/armoire-3-portes-avec-penderie-500x500.png\" class=\"attachment-woocommerce_thumbnail size-woocommerce_thumbnail\" alt=\"Lit escamotable luxul |\" srcset=\"https:\/\/luxbed.lu\/wp-content\/uploads\/2020\/10\/armoire-3-portes-avec-penderie-500x500.png 500w, https:\/\/luxbed.lu\/wp-content\/uploads\/2020\/10\/armoire-3-portes-avec-penderie-350x350.png 350w, https:\/\/luxbed.lu\/wp-content\/uploads\/2020\/10\/armoire-3-portes-avec-penderie-300x300.png 300w, https:\/\/luxbed.lu\/wp-content\/uploads\/2020\/10\/armoire-3-portes-avec-penderie-1024x1024.png 1024w, https:\/\/luxbed.lu\/wp-content\/uploads\/2020\/10\/armoire-3-portes-avec-penderie-150x150.png 150w, https:\/\/luxbed.lu\/wp-content\/uploads\/2020\/10\/armoire-3-portes-avec-penderie-768x768.png 768w, https:\/\/luxbed.lu\/wp-content\/uploads\/2020\/10\/armoire-3-portes-avec-penderie.png 1080w\" sizes=\"auto, (max-width: 500px) 100vw, 500px\" title=\"\">\t\t<\/a>\n\n\t\t\t\t\t<div class=\"hover-img\">\n\t\t\t\t<a href=\"https:\/\/luxbed.lu\/de\/3-tueriger-schrank-mit-kleiderschrank-und-2-schubladen-unten\/\" aria-label=\"Product image\">\n\t\t\t\t\t<img loading=\"lazy\" decoding=\"async\" width=\"500\" height=\"500\" src=\"https:\/\/luxbed.lu\/wp-content\/uploads\/2020\/10\/armoire-3-portes-avec-penderie-interieur-500x500.png\" class=\"attachment-woocommerce_thumbnail size-woocommerce_thumbnail\" alt=\"Lit escamotable luxul |\" srcset=\"https:\/\/luxbed.lu\/wp-content\/uploads\/2020\/10\/armoire-3-portes-avec-penderie-interieur-500x500.png 500w, https:\/\/luxbed.lu\/wp-content\/uploads\/2020\/10\/armoire-3-portes-avec-penderie-interieur-350x350.png 350w, https:\/\/luxbed.lu\/wp-content\/uploads\/2020\/10\/armoire-3-portes-avec-penderie-interieur-300x300.png 300w, https:\/\/luxbed.lu\/wp-content\/uploads\/2020\/10\/armoire-3-portes-avec-penderie-interieur-150x150.png 150w, https:\/\/luxbed.lu\/wp-content\/uploads\/2020\/10\/armoire-3-portes-avec-penderie-interieur-768x768.png 768w, https:\/\/luxbed.lu\/wp-content\/uploads\/2020\/10\/armoire-3-portes-avec-penderie-interieur.png 924w\" sizes=\"auto, (max-width: 500px) 100vw, 500px\" title=\"\">\t\t\t\t<\/a>\n\t\t\t<\/div>\n\t\t\t\n\t\t<div class=\"wd-buttons wd-pos-r-t\">\n\t\t\t\t\t\t\t\t\t\t\t\t\t\t<\/div>\n\t<\/div>\n\n\t\n\t\n\t<h3 class=\"wd-entities-title\"><a href=\"https:\/\/luxbed.lu\/de\/3-tueriger-schrank-mit-kleiderschrank-und-2-schubladen-unten\/\">3-t\u00fcriger Schrank mit Kleiderschrank und 2 Schubladen unten<\/a><\/h3>\n\t\t\t\n\t<div class='jdgm-widget jdgm-preview-badge' data-id='18534'>\n\t<\/div>\n\n\t<span class=\"price\"><span class=\"woocommerce-Price-amount amount\"><bdi>389,90<span class=\"woocommerce-Price-currencySymbol\">&euro;<\/span><\/bdi><\/span><\/span>\n\n\t<div class=\"wd-add-btn wd-add-btn-replace\">\n\t\t\n\t\t<a href=\"?add-to-cart=18534\" aria-describedby=\"woocommerce_loop_add_to_cart_link_describedby_18534\" data-quantity=\"1\" class=\"button product_type_simple add_to_cart_button ajax_add_to_cart add-to-cart-loop\" data-product_id=\"18534\" data-product_sku=\"LX207\" aria-label=\"In den Warenkorb legen: \u201e3-t\u00fcriger Schrank mit Kleiderschrank und 2 Schubladen unten\u201c\" rel=\"nofollow\" data-success_message=\"\u201e3-t\u00fcriger Schrank mit Kleiderschrank und 2 Schubladen unten\u201c wurde deinem Warenkorb hinzugef\u00fcgt\"><span>In den Warenkorb<\/span><\/a>\t<span id=\"woocommerce_loop_add_to_cart_link_describedby_18534\" class=\"screen-reader-text\">\n\t\t\t<\/span>\n\t<\/div>\n\n\t\n\t\n\t\t<\/div>\n<\/div>\n<div class=\"wd-product wd-hover-standard wd-col product-grid-item product type-product post-18511 status-publish first instock product_cat-aufbewahrungsmobel product_cat-zubehor has-post-thumbnail taxable shipping-taxable purchasable product-type-simple\" data-loop=\"4\" data-id=\"18511\">\n\t\n\t\n<div class=\"product-wrapper\">\n\t<div class=\"product-element-top wd-quick-shop\">\n\t\t<a href=\"https:\/\/luxbed.lu\/de\/vertikaler-saeulenschrank-mit-schubladen\/\" class=\"product-image-link\">\n\t\t\t<img loading=\"lazy\" decoding=\"async\" width=\"500\" height=\"500\" src=\"https:\/\/luxbed.lu\/wp-content\/uploads\/2020\/10\/armoire-colonne-verticale-avec-tiroirs-anthracite-500x500.png\" class=\"attachment-woocommerce_thumbnail size-woocommerce_thumbnail\" alt=\"Lit escamotable luxul |\" srcset=\"https:\/\/luxbed.lu\/wp-content\/uploads\/2020\/10\/armoire-colonne-verticale-avec-tiroirs-anthracite-500x500.png 500w, https:\/\/luxbed.lu\/wp-content\/uploads\/2020\/10\/armoire-colonne-verticale-avec-tiroirs-anthracite-350x350.png 350w, https:\/\/luxbed.lu\/wp-content\/uploads\/2020\/10\/armoire-colonne-verticale-avec-tiroirs-anthracite-300x300.png 300w, https:\/\/luxbed.lu\/wp-content\/uploads\/2020\/10\/armoire-colonne-verticale-avec-tiroirs-anthracite-150x150.png 150w, https:\/\/luxbed.lu\/wp-content\/uploads\/2020\/10\/armoire-colonne-verticale-avec-tiroirs-anthracite-768x768.png 768w, https:\/\/luxbed.lu\/wp-content\/uploads\/2020\/10\/armoire-colonne-verticale-avec-tiroirs-anthracite.png 924w\" sizes=\"auto, (max-width: 500px) 100vw, 500px\" title=\"\">\t\t<\/a>\n\n\t\t\n\t\t<div class=\"wd-buttons wd-pos-r-t\">\n\t\t\t\t\t\t\t\t\t\t\t\t\t\t<\/div>\n\t<\/div>\n\n\t\n\t\n\t<h3 class=\"wd-entities-title\"><a href=\"https:\/\/luxbed.lu\/de\/vertikaler-saeulenschrank-mit-schubladen\/\">Vertikaler S\u00e4ulenschrank mit Schubladen<\/a><\/h3>\n\t\t\t\n\t<div class='jdgm-widget jdgm-preview-badge' data-id='18511'>\n\t<\/div>\n\n\t<span class=\"price\"><span class=\"woocommerce-Price-amount amount\"><bdi>259,90<span class=\"woocommerce-Price-currencySymbol\">&euro;<\/span><\/bdi><\/span><\/span>\n\n\t<div class=\"wd-add-btn wd-add-btn-replace\">\n\t\t\n\t\t<a href=\"?add-to-cart=18511\" aria-describedby=\"woocommerce_loop_add_to_cart_link_describedby_18511\" data-quantity=\"1\" class=\"button product_type_simple add_to_cart_button ajax_add_to_cart add-to-cart-loop\" data-product_id=\"18511\" data-product_sku=\"LX201\" aria-label=\"In den Warenkorb legen: \u201eVertikaler S\u00e4ulenschrank mit Schubladen\u201c\" rel=\"nofollow\" data-success_message=\"\u201eVertikaler S\u00e4ulenschrank mit Schubladen\u201c wurde deinem Warenkorb hinzugef\u00fcgt\"><span>In den Warenkorb<\/span><\/a>\t<span id=\"woocommerce_loop_add_to_cart_link_describedby_18511\" class=\"screen-reader-text\">\n\t\t\t<\/span>\n\t<\/div>\n\n\t\n\t\n\t\t<\/div>\n<\/div>\n<div class=\"wd-product wd-hover-standard wd-col product-grid-item product type-product post-18514 status-publish instock product_cat-aufbewahrungsmobel product_cat-zubehor has-post-thumbnail taxable shipping-taxable purchasable product-type-simple\" data-loop=\"5\" data-id=\"18514\">\n\t\n\t\n<div class=\"product-wrapper\">\n\t<div class=\"product-element-top wd-quick-shop\">\n\t\t<a href=\"https:\/\/luxbed.lu\/de\/vertikaler-saeulenschrank-2-fluegeltueren\/\" class=\"product-image-link\">\n\t\t\t<img loading=\"lazy\" decoding=\"async\" width=\"500\" height=\"500\" src=\"https:\/\/luxbed.lu\/wp-content\/uploads\/2020\/10\/armoire-colonne-verticale-2-portes-battantes-500x500.png\" class=\"attachment-woocommerce_thumbnail size-woocommerce_thumbnail\" alt=\"Lit escamotable luxul |\" srcset=\"https:\/\/luxbed.lu\/wp-content\/uploads\/2020\/10\/armoire-colonne-verticale-2-portes-battantes-500x500.png 500w, https:\/\/luxbed.lu\/wp-content\/uploads\/2020\/10\/armoire-colonne-verticale-2-portes-battantes-350x350.png 350w, https:\/\/luxbed.lu\/wp-content\/uploads\/2020\/10\/armoire-colonne-verticale-2-portes-battantes-300x300.png 300w, https:\/\/luxbed.lu\/wp-content\/uploads\/2020\/10\/armoire-colonne-verticale-2-portes-battantes-150x150.png 150w, https:\/\/luxbed.lu\/wp-content\/uploads\/2020\/10\/armoire-colonne-verticale-2-portes-battantes-768x768.png 768w, https:\/\/luxbed.lu\/wp-content\/uploads\/2020\/10\/armoire-colonne-verticale-2-portes-battantes.png 924w\" sizes=\"auto, (max-width: 500px) 100vw, 500px\" title=\"\">\t\t<\/a>\n\n\t\t\n\t\t<div class=\"wd-buttons wd-pos-r-t\">\n\t\t\t\t\t\t\t\t\t\t\t\t\t\t<\/div>\n\t<\/div>\n\n\t\n\t\n\t<h3 class=\"wd-entities-title\"><a href=\"https:\/\/luxbed.lu\/de\/vertikaler-saeulenschrank-2-fluegeltueren\/\">Vertikaler S\u00e4ulenschrank 2 Fl\u00fcgelt\u00fcren<\/a><\/h3>\n\t\t\t\n\t<div class='jdgm-widget jdgm-preview-badge' data-id='18514'>\n\t<\/div>\n\n\t<span class=\"price\"><span class=\"woocommerce-Price-amount amount\"><bdi>219,90<span class=\"woocommerce-Price-currencySymbol\">&euro;<\/span><\/bdi><\/span><\/span>\n\n\t<div class=\"wd-add-btn wd-add-btn-replace\">\n\t\t\n\t\t<a href=\"?add-to-cart=18514\" aria-describedby=\"woocommerce_loop_add_to_cart_link_describedby_18514\" data-quantity=\"1\" class=\"button product_type_simple add_to_cart_button ajax_add_to_cart add-to-cart-loop\" data-product_id=\"18514\" data-product_sku=\"LX202\" aria-label=\"In den Warenkorb legen: \u201eVertikaler S\u00e4ulenschrank 2 Fl\u00fcgelt\u00fcren\u201c\" rel=\"nofollow\" data-success_message=\"\u201eVertikaler S\u00e4ulenschrank 2 Fl\u00fcgelt\u00fcren\u201c wurde deinem Warenkorb hinzugef\u00fcgt\"><span>In den Warenkorb<\/span><\/a>\t<span id=\"woocommerce_loop_add_to_cart_link_describedby_18514\" class=\"screen-reader-text\">\n\t\t\t<\/span>\n\t<\/div>\n\n\t\n\t\n\t\t<\/div>\n<\/div>\n<div class=\"wd-product wd-hover-standard wd-col product-grid-item product type-product post-18551 status-publish instock product_cat-aufbewahrungsmobel product_cat-zubehor has-post-thumbnail taxable shipping-taxable purchasable product-type-simple\" data-loop=\"6\" data-id=\"18551\">\n\t\n\t\n<div class=\"product-wrapper\">\n\t<div class=\"product-element-top wd-quick-shop\">\n\t\t<a href=\"https:\/\/luxbed.lu\/de\/buecherregal-mit-stauraum-mit-2-tueren-unten\/\" class=\"product-image-link\">\n\t\t\t<img loading=\"lazy\" decoding=\"async\" width=\"500\" height=\"500\" src=\"https:\/\/luxbed.lu\/wp-content\/uploads\/2020\/10\/bibliotheque-et-rangements-500x500.png\" class=\"attachment-woocommerce_thumbnail size-woocommerce_thumbnail\" alt=\"Lit escamotable luxul |\" srcset=\"https:\/\/luxbed.lu\/wp-content\/uploads\/2020\/10\/bibliotheque-et-rangements-500x500.png 500w, https:\/\/luxbed.lu\/wp-content\/uploads\/2020\/10\/bibliotheque-et-rangements-350x350.png 350w, https:\/\/luxbed.lu\/wp-content\/uploads\/2020\/10\/bibliotheque-et-rangements-300x300.png 300w, https:\/\/luxbed.lu\/wp-content\/uploads\/2020\/10\/bibliotheque-et-rangements-150x150.png 150w, https:\/\/luxbed.lu\/wp-content\/uploads\/2020\/10\/bibliotheque-et-rangements-768x768.png 768w, https:\/\/luxbed.lu\/wp-content\/uploads\/2020\/10\/bibliotheque-et-rangements.png 924w\" sizes=\"auto, (max-width: 500px) 100vw, 500px\" title=\"\">\t\t<\/a>\n\n\t\t\t\t\t<div class=\"hover-img\">\n\t\t\t\t<a href=\"https:\/\/luxbed.lu\/de\/buecherregal-mit-stauraum-mit-2-tueren-unten\/\" aria-label=\"Product image\">\n\t\t\t\t\t<img loading=\"lazy\" decoding=\"async\" width=\"500\" height=\"500\" src=\"https:\/\/luxbed.lu\/wp-content\/uploads\/2020\/10\/Bibliotheque-et-rangements-dimensions-500x500.jpg\" class=\"attachment-woocommerce_thumbnail size-woocommerce_thumbnail\" alt=\"Lit escamotable luxul |\" srcset=\"https:\/\/luxbed.lu\/wp-content\/uploads\/2020\/10\/Bibliotheque-et-rangements-dimensions-500x500.jpg 500w, https:\/\/luxbed.lu\/wp-content\/uploads\/2020\/10\/Bibliotheque-et-rangements-dimensions-350x350.jpg 350w, https:\/\/luxbed.lu\/wp-content\/uploads\/2020\/10\/Bibliotheque-et-rangements-dimensions-300x300.jpg 300w, https:\/\/luxbed.lu\/wp-content\/uploads\/2020\/10\/Bibliotheque-et-rangements-dimensions-150x150.jpg 150w, https:\/\/luxbed.lu\/wp-content\/uploads\/2020\/10\/Bibliotheque-et-rangements-dimensions-768x768.jpg 768w, https:\/\/luxbed.lu\/wp-content\/uploads\/2020\/10\/Bibliotheque-et-rangements-dimensions.jpg 924w\" sizes=\"auto, (max-width: 500px) 100vw, 500px\" title=\"\">\t\t\t\t<\/a>\n\t\t\t<\/div>\n\t\t\t\n\t\t<div class=\"wd-buttons wd-pos-r-t\">\n\t\t\t\t\t\t\t\t\t\t\t\t\t\t<\/div>\n\t<\/div>\n\n\t\n\t\n\t<h3 class=\"wd-entities-title\"><a href=\"https:\/\/luxbed.lu\/de\/buecherregal-mit-stauraum-mit-2-tueren-unten\/\">B\u00fccherregal mit Stauraum mit 2 T\u00fcren unten<\/a><\/h3>\n\t\t\t\n\t<div class='jdgm-widget jdgm-preview-badge' data-id='18551'>\n\t<\/div>\n\n\t<span class=\"price\"><span class=\"woocommerce-Price-amount amount\"><bdi>209,90<span class=\"woocommerce-Price-currencySymbol\">&euro;<\/span><\/bdi><\/span><\/span>\n\n\t<div class=\"wd-add-btn wd-add-btn-replace\">\n\t\t\n\t\t<a href=\"?add-to-cart=18551\" aria-describedby=\"woocommerce_loop_add_to_cart_link_describedby_18551\" data-quantity=\"1\" class=\"button product_type_simple add_to_cart_button ajax_add_to_cart add-to-cart-loop\" data-product_id=\"18551\" data-product_sku=\"LX205\" aria-label=\"In den Warenkorb legen: \u201eB\u00fccherregal mit Stauraum mit 2 T\u00fcren unten\u201c\" rel=\"nofollow\" data-success_message=\"\u201eB\u00fccherregal mit Stauraum mit 2 T\u00fcren unten\u201c wurde deinem Warenkorb hinzugef\u00fcgt\"><span>In den Warenkorb<\/span><\/a>\t<span id=\"woocommerce_loop_add_to_cart_link_describedby_18551\" class=\"screen-reader-text\">\n\t\t\t<\/span>\n\t<\/div>\n\n\t\n\t\n\t\t<\/div>\n<\/div>\n<div class=\"wd-product wd-hover-standard wd-col product-grid-item product type-product post-18535 status-publish last instock product_cat-aufbewahrungsmobel product_cat-zubehor has-post-thumbnail taxable shipping-taxable purchasable product-type-simple\" data-loop=\"7\" data-id=\"18535\">\n\t\n\t\n<div class=\"product-wrapper\">\n\t<div class=\"product-element-top wd-quick-shop\">\n\t\t<a href=\"https:\/\/luxbed.lu\/de\/buecherregal-mit-stauraum-mit-4-tueren\/\" class=\"product-image-link\">\n\t\t\t<img loading=\"lazy\" decoding=\"async\" width=\"500\" height=\"500\" src=\"https:\/\/luxbed.lu\/wp-content\/uploads\/2020\/10\/bibliotheque-avec-rangements-500x500.png\" class=\"attachment-woocommerce_thumbnail size-woocommerce_thumbnail\" alt=\"Lit escamotable luxul |\" srcset=\"https:\/\/luxbed.lu\/wp-content\/uploads\/2020\/10\/bibliotheque-avec-rangements-500x500.png 500w, https:\/\/luxbed.lu\/wp-content\/uploads\/2020\/10\/bibliotheque-avec-rangements-350x350.png 350w, https:\/\/luxbed.lu\/wp-content\/uploads\/2020\/10\/bibliotheque-avec-rangements-300x300.png 300w, https:\/\/luxbed.lu\/wp-content\/uploads\/2020\/10\/bibliotheque-avec-rangements-1024x1024.png 1024w, https:\/\/luxbed.lu\/wp-content\/uploads\/2020\/10\/bibliotheque-avec-rangements-150x150.png 150w, https:\/\/luxbed.lu\/wp-content\/uploads\/2020\/10\/bibliotheque-avec-rangements-768x768.png 768w, https:\/\/luxbed.lu\/wp-content\/uploads\/2020\/10\/bibliotheque-avec-rangements.png 1080w\" sizes=\"auto, (max-width: 500px) 100vw, 500px\" title=\"\">\t\t<\/a>\n\n\t\t\t\t\t<div class=\"hover-img\">\n\t\t\t\t<a href=\"https:\/\/luxbed.lu\/de\/buecherregal-mit-stauraum-mit-4-tueren\/\" aria-label=\"Product image\">\n\t\t\t\t\t<img loading=\"lazy\" decoding=\"async\" width=\"500\" height=\"500\" src=\"https:\/\/luxbed.lu\/wp-content\/uploads\/2020\/10\/bibliotheque-avec-rangements-1-500x500.jpg\" class=\"attachment-woocommerce_thumbnail size-woocommerce_thumbnail\" alt=\"Lit escamotable luxul |\" srcset=\"https:\/\/luxbed.lu\/wp-content\/uploads\/2020\/10\/bibliotheque-avec-rangements-1-500x500.jpg 500w, https:\/\/luxbed.lu\/wp-content\/uploads\/2020\/10\/bibliotheque-avec-rangements-1-350x350.jpg 350w, https:\/\/luxbed.lu\/wp-content\/uploads\/2020\/10\/bibliotheque-avec-rangements-1-300x300.jpg 300w, https:\/\/luxbed.lu\/wp-content\/uploads\/2020\/10\/bibliotheque-avec-rangements-1-150x150.jpg 150w, https:\/\/luxbed.lu\/wp-content\/uploads\/2020\/10\/bibliotheque-avec-rangements-1-768x768.jpg 768w, https:\/\/luxbed.lu\/wp-content\/uploads\/2020\/10\/bibliotheque-avec-rangements-1.jpg 924w\" sizes=\"auto, (max-width: 500px) 100vw, 500px\" title=\"\">\t\t\t\t<\/a>\n\t\t\t<\/div>\n\t\t\t\n\t\t<div class=\"wd-buttons wd-pos-r-t\">\n\t\t\t\t\t\t\t\t\t\t\t\t\t\t<\/div>\n\t<\/div>\n\n\t\n\t\n\t<h3 class=\"wd-entities-title\"><a href=\"https:\/\/luxbed.lu\/de\/buecherregal-mit-stauraum-mit-4-tueren\/\">B\u00fccherregal mit Stauraum mit 4 T\u00fcren<\/a><\/h3>\n\t\t\t\n\t<div class='jdgm-widget jdgm-preview-badge' data-id='18535'>\n\t<\/div>\n\n\t<span class=\"price\"><span class=\"woocommerce-Price-amount amount\"><bdi>219,90<span class=\"woocommerce-Price-currencySymbol\">&euro;<\/span><\/bdi><\/span><\/span>\n\n\t<div class=\"wd-add-btn wd-add-btn-replace\">\n\t\t\n\t\t<a href=\"?add-to-cart=18535\" aria-describedby=\"woocommerce_loop_add_to_cart_link_describedby_18535\" data-quantity=\"1\" class=\"button product_type_simple add_to_cart_button ajax_add_to_cart add-to-cart-loop\" data-product_id=\"18535\" data-product_sku=\"LX206\" aria-label=\"In den Warenkorb legen: \u201eB\u00fccherregal mit Stauraum mit 4 T\u00fcren\u201c\" rel=\"nofollow\" data-success_message=\"\u201eB\u00fccherregal mit Stauraum mit 4 T\u00fcren\u201c wurde deinem Warenkorb hinzugef\u00fcgt\"><span>In den Warenkorb<\/span><\/a>\t<span id=\"woocommerce_loop_add_to_cart_link_describedby_18535\" class=\"screen-reader-text\">\n\t\t\t<\/span>\n\t<\/div>\n\n\t\n\t\n\t\t<\/div>\n<\/div>\n<div class=\"wd-product wd-hover-standard wd-col product-grid-item product type-product post-18542 status-publish first instock product_cat-aufbewahrungsmobel product_cat-zubehor has-post-thumbnail taxable shipping-taxable purchasable product-type-simple\" data-loop=\"8\" data-id=\"18542\">\n\t\n\t\n<div class=\"product-wrapper\">\n\t<div class=\"product-element-top wd-quick-shop\">\n\t\t<a href=\"https:\/\/luxbed.lu\/de\/buecherregal-mit-schubladen-darunter\/\" class=\"product-image-link\">\n\t\t\t<img loading=\"lazy\" decoding=\"async\" width=\"500\" height=\"500\" src=\"https:\/\/luxbed.lu\/wp-content\/uploads\/2020\/10\/bibliotheque-avec-tiroirs-en-dessou-500x500.png\" class=\"attachment-woocommerce_thumbnail size-woocommerce_thumbnail\" alt=\"Lit escamotable luxul |\" srcset=\"https:\/\/luxbed.lu\/wp-content\/uploads\/2020\/10\/bibliotheque-avec-tiroirs-en-dessou-500x500.png 500w, https:\/\/luxbed.lu\/wp-content\/uploads\/2020\/10\/bibliotheque-avec-tiroirs-en-dessou-350x350.png 350w, https:\/\/luxbed.lu\/wp-content\/uploads\/2020\/10\/bibliotheque-avec-tiroirs-en-dessou-300x300.png 300w, https:\/\/luxbed.lu\/wp-content\/uploads\/2020\/10\/bibliotheque-avec-tiroirs-en-dessou-150x150.png 150w, https:\/\/luxbed.lu\/wp-content\/uploads\/2020\/10\/bibliotheque-avec-tiroirs-en-dessou-768x768.png 768w, https:\/\/luxbed.lu\/wp-content\/uploads\/2020\/10\/bibliotheque-avec-tiroirs-en-dessou.png 924w\" sizes=\"auto, (max-width: 500px) 100vw, 500px\" title=\"\">\t\t<\/a>\n\n\t\t\n\t\t<div class=\"wd-buttons wd-pos-r-t\">\n\t\t\t\t\t\t\t\t\t\t\t\t\t\t<\/div>\n\t<\/div>\n\n\t\n\t\n\t<h3 class=\"wd-entities-title\"><a href=\"https:\/\/luxbed.lu\/de\/buecherregal-mit-schubladen-darunter\/\">B\u00fccherregal mit Schubladen darunter<\/a><\/h3>\n\t\t\t\n\t<div class='jdgm-widget jdgm-preview-badge' data-id='18542'>\n\t<\/div>\n\n\t<span class=\"price\"><span class=\"woocommerce-Price-amount amount\"><bdi>189,90<span class=\"woocommerce-Price-currencySymbol\">&euro;<\/span><\/bdi><\/span><\/span>\n\n\t<div class=\"wd-add-btn wd-add-btn-replace\">\n\t\t\n\t\t<a href=\"?add-to-cart=18542\" aria-describedby=\"woocommerce_loop_add_to_cart_link_describedby_18542\" data-quantity=\"1\" class=\"button product_type_simple add_to_cart_button ajax_add_to_cart add-to-cart-loop\" data-product_id=\"18542\" data-product_sku=\"LX203\" aria-label=\"In den Warenkorb legen: \u201eB\u00fccherregal mit Schubladen darunter\u201c\" rel=\"nofollow\" data-success_message=\"\u201eB\u00fccherregal mit Schubladen darunter\u201c wurde deinem Warenkorb hinzugef\u00fcgt\"><span>In den Warenkorb<\/span><\/a>\t<span id=\"woocommerce_loop_add_to_cart_link_describedby_18542\" class=\"screen-reader-text\">\n\t\t\t<\/span>\n\t<\/div>\n\n\t\n\t\n\t\t<\/div>\n<\/div>\n<div class=\"wd-product wd-hover-standard wd-col product-grid-item product type-product post-18545 status-publish instock product_cat-aufbewahrungsmobel product_cat-zubehor has-post-thumbnail taxable shipping-taxable purchasable product-type-simple\" data-loop=\"9\" data-id=\"18545\">\n\t\n\t\n<div class=\"product-wrapper\">\n\t<div class=\"product-element-top wd-quick-shop\">\n\t\t<a href=\"https:\/\/luxbed.lu\/de\/buecherregal-mit-einer-tuer-darunter\/\" class=\"product-image-link\">\n\t\t\t<img loading=\"lazy\" decoding=\"async\" width=\"500\" height=\"500\" src=\"https:\/\/luxbed.lu\/wp-content\/uploads\/2020\/10\/bibliotheque-avec-une-porte-en-dessous-500x500.png\" class=\"attachment-woocommerce_thumbnail size-woocommerce_thumbnail\" alt=\"Lit escamotable luxul |\" srcset=\"https:\/\/luxbed.lu\/wp-content\/uploads\/2020\/10\/bibliotheque-avec-une-porte-en-dessous-500x500.png 500w, https:\/\/luxbed.lu\/wp-content\/uploads\/2020\/10\/bibliotheque-avec-une-porte-en-dessous-350x350.png 350w, https:\/\/luxbed.lu\/wp-content\/uploads\/2020\/10\/bibliotheque-avec-une-porte-en-dessous-300x300.png 300w, https:\/\/luxbed.lu\/wp-content\/uploads\/2020\/10\/bibliotheque-avec-une-porte-en-dessous-150x150.png 150w, https:\/\/luxbed.lu\/wp-content\/uploads\/2020\/10\/bibliotheque-avec-une-porte-en-dessous-768x768.png 768w, https:\/\/luxbed.lu\/wp-content\/uploads\/2020\/10\/bibliotheque-avec-une-porte-en-dessous.png 924w\" sizes=\"auto, (max-width: 500px) 100vw, 500px\" title=\"\">\t\t<\/a>\n\n\t\t\t\t\t<div class=\"hover-img\">\n\t\t\t\t<a href=\"https:\/\/luxbed.lu\/de\/buecherregal-mit-einer-tuer-darunter\/\" aria-label=\"Product image\">\n\t\t\t\t\t<img loading=\"lazy\" decoding=\"async\" width=\"500\" height=\"500\" src=\"https:\/\/luxbed.lu\/wp-content\/uploads\/2020\/10\/bibliotheque-avec-tiroirs-en-dessous-avec-lit-escomontable-03-500x500.jpg\" class=\"attachment-woocommerce_thumbnail size-woocommerce_thumbnail\" alt=\"Lit escamotable luxul |\" srcset=\"https:\/\/luxbed.lu\/wp-content\/uploads\/2020\/10\/bibliotheque-avec-tiroirs-en-dessous-avec-lit-escomontable-03-500x500.jpg 500w, https:\/\/luxbed.lu\/wp-content\/uploads\/2020\/10\/bibliotheque-avec-tiroirs-en-dessous-avec-lit-escomontable-03-350x350.jpg 350w, https:\/\/luxbed.lu\/wp-content\/uploads\/2020\/10\/bibliotheque-avec-tiroirs-en-dessous-avec-lit-escomontable-03-300x300.jpg 300w, https:\/\/luxbed.lu\/wp-content\/uploads\/2020\/10\/bibliotheque-avec-tiroirs-en-dessous-avec-lit-escomontable-03-150x150.jpg 150w, https:\/\/luxbed.lu\/wp-content\/uploads\/2020\/10\/bibliotheque-avec-tiroirs-en-dessous-avec-lit-escomontable-03-768x768.jpg 768w, https:\/\/luxbed.lu\/wp-content\/uploads\/2020\/10\/bibliotheque-avec-tiroirs-en-dessous-avec-lit-escomontable-03.jpg 924w\" sizes=\"auto, (max-width: 500px) 100vw, 500px\" title=\"\">\t\t\t\t<\/a>\n\t\t\t<\/div>\n\t\t\t\n\t\t<div class=\"wd-buttons wd-pos-r-t\">\n\t\t\t\t\t\t\t\t\t\t\t\t\t\t<\/div>\n\t<\/div>\n\n\t\n\t\n\t<h3 class=\"wd-entities-title\"><a href=\"https:\/\/luxbed.lu\/de\/buecherregal-mit-einer-tuer-darunter\/\">B\u00fccherregal mit einer T\u00fcr darunter<\/a><\/h3>\n\t\t\t\n\t<div class='jdgm-widget jdgm-preview-badge' data-id='18545'>\n\t<\/div>\n\n\t<span class=\"price\"><span class=\"woocommerce-Price-amount amount\"><bdi>149,90<span class=\"woocommerce-Price-currencySymbol\">&euro;<\/span><\/bdi><\/span><\/span>\n\n\t<div class=\"wd-add-btn wd-add-btn-replace\">\n\t\t\n\t\t<a href=\"?add-to-cart=18545\" aria-describedby=\"woocommerce_loop_add_to_cart_link_describedby_18545\" data-quantity=\"1\" class=\"button product_type_simple add_to_cart_button ajax_add_to_cart add-to-cart-loop\" data-product_id=\"18545\" data-product_sku=\"LX204\" aria-label=\"In den Warenkorb legen: \u201eB\u00fccherregal mit einer T\u00fcr darunter\u201c\" rel=\"nofollow\" data-success_message=\"\u201eB\u00fccherregal mit einer T\u00fcr darunter\u201c wurde deinem Warenkorb hinzugef\u00fcgt\"><span>In den Warenkorb<\/span><\/a>\t<span id=\"woocommerce_loop_add_to_cart_link_describedby_18545\" class=\"screen-reader-text\">\n\t\t\t<\/span>\n\t<\/div>\n\n\t\n\t\n\t\t<\/div>\n<\/div>\n<div class=\"wd-product wd-hover-standard wd-col product-grid-item product type-product post-18516 status-publish instock product_cat-sofas product_cat-zubehor has-post-thumbnail taxable shipping-taxable purchasable product-type-simple\" data-loop=\"10\" data-id=\"18516\">\n\t\n\t\n<div class=\"product-wrapper\">\n\t<div class=\"product-element-top wd-quick-shop\">\n\t\t<a href=\"https:\/\/luxbed.lu\/de\/klassisches-2-sitzer-sofa-mit-aufbewahrungsbox\/\" class=\"product-image-link\">\n\t\t\t<img loading=\"lazy\" decoding=\"async\" width=\"500\" height=\"500\" src=\"https:\/\/luxbed.lu\/wp-content\/uploads\/2020\/10\/canape-classique-2-places-500x500.png\" class=\"attachment-woocommerce_thumbnail size-woocommerce_thumbnail\" alt=\"Lit escamotable luxul |\" srcset=\"https:\/\/luxbed.lu\/wp-content\/uploads\/2020\/10\/canape-classique-2-places-500x500.png 500w, https:\/\/luxbed.lu\/wp-content\/uploads\/2020\/10\/canape-classique-2-places-350x350.png 350w, https:\/\/luxbed.lu\/wp-content\/uploads\/2020\/10\/canape-classique-2-places-300x300.png 300w, https:\/\/luxbed.lu\/wp-content\/uploads\/2020\/10\/canape-classique-2-places-150x150.png 150w, https:\/\/luxbed.lu\/wp-content\/uploads\/2020\/10\/canape-classique-2-places-768x768.png 768w, https:\/\/luxbed.lu\/wp-content\/uploads\/2020\/10\/canape-classique-2-places.png 924w\" sizes=\"auto, (max-width: 500px) 100vw, 500px\" title=\"\">\t\t<\/a>\n\n\t\t\n\t\t<div class=\"wd-buttons wd-pos-r-t\">\n\t\t\t\t\t\t\t\t\t\t\t\t\t\t<\/div>\n\t<\/div>\n\n\t\n\t\n\t<h3 class=\"wd-entities-title\"><a href=\"https:\/\/luxbed.lu\/de\/klassisches-2-sitzer-sofa-mit-aufbewahrungsbox\/\">Klassisches 2-Sitzer-Sofa mit Aufbewahrungsbox<\/a><\/h3>\n\t\t\t\n\t<div class='jdgm-widget jdgm-preview-badge' data-id='18516'>\n\t<\/div>\n\n\t<span class=\"price\"><span class=\"woocommerce-Price-amount amount\"><bdi>479,90<span class=\"woocommerce-Price-currencySymbol\">&euro;<\/span><\/bdi><\/span><\/span>\n\n\t<div class=\"wd-add-btn wd-add-btn-replace\">\n\t\t\n\t\t<a href=\"?add-to-cart=18516\" aria-describedby=\"woocommerce_loop_add_to_cart_link_describedby_18516\" data-quantity=\"1\" class=\"button product_type_simple add_to_cart_button ajax_add_to_cart add-to-cart-loop\" data-product_id=\"18516\" data-product_sku=\"LX301\" aria-label=\"In den Warenkorb legen: \u201eKlassisches 2-Sitzer-Sofa mit Aufbewahrungsbox\u201c\" rel=\"nofollow\" data-success_message=\"\u201eKlassisches 2-Sitzer-Sofa mit Aufbewahrungsbox\u201c wurde deinem Warenkorb hinzugef\u00fcgt\"><span>In den Warenkorb<\/span><\/a>\t<span id=\"woocommerce_loop_add_to_cart_link_describedby_18516\" class=\"screen-reader-text\">\n\t\t\t<\/span>\n\t<\/div>\n\n\t\n\t\n\t\t<\/div>\n<\/div>\n<div class=\"wd-product wd-hover-standard wd-col product-grid-item product type-product post-18513 status-publish last instock product_cat-sofas product_cat-zubehor has-post-thumbnail taxable shipping-taxable purchasable product-type-simple\" data-loop=\"11\" data-id=\"18513\">\n\t\n\t\n<div class=\"product-wrapper\">\n\t<div class=\"product-element-top wd-quick-shop\">\n\t\t<a href=\"https:\/\/luxbed.lu\/de\/klassisches-3-sitzer-sofa\/\" class=\"product-image-link\">\n\t\t\t<img loading=\"lazy\" decoding=\"async\" width=\"500\" height=\"500\" src=\"https:\/\/luxbed.lu\/wp-content\/uploads\/2020\/10\/canape-classique-3-places-dimensions-500x500.png\" class=\"attachment-woocommerce_thumbnail size-woocommerce_thumbnail\" alt=\"Lit escamotable luxul |\" srcset=\"https:\/\/luxbed.lu\/wp-content\/uploads\/2020\/10\/canape-classique-3-places-dimensions-500x500.png 500w, https:\/\/luxbed.lu\/wp-content\/uploads\/2020\/10\/canape-classique-3-places-dimensions-350x350.png 350w, https:\/\/luxbed.lu\/wp-content\/uploads\/2020\/10\/canape-classique-3-places-dimensions-300x300.png 300w, https:\/\/luxbed.lu\/wp-content\/uploads\/2020\/10\/canape-classique-3-places-dimensions-150x150.png 150w, https:\/\/luxbed.lu\/wp-content\/uploads\/2020\/10\/canape-classique-3-places-dimensions-768x768.png 768w, https:\/\/luxbed.lu\/wp-content\/uploads\/2020\/10\/canape-classique-3-places-dimensions.png 924w\" sizes=\"auto, (max-width: 500px) 100vw, 500px\" title=\"\">\t\t<\/a>\n\n\t\t\n\t\t<div class=\"wd-buttons wd-pos-r-t\">\n\t\t\t\t\t\t\t\t\t\t\t\t\t\t<\/div>\n\t<\/div>\n\n\t\n\t\n\t<h3 class=\"wd-entities-title\"><a href=\"https:\/\/luxbed.lu\/de\/klassisches-3-sitzer-sofa\/\">Klassisches 3-Sitzer-Sofa<\/a><\/h3>\n\t\t\t\n\t<div class='jdgm-widget jdgm-preview-badge' data-id='18513'>\n\t<\/div>\n\n\t<span class=\"price\"><span class=\"woocommerce-Price-amount amount\"><bdi>529,90<span class=\"woocommerce-Price-currencySymbol\">&euro;<\/span><\/bdi><\/span><\/span>\n\n\t<div class=\"wd-add-btn wd-add-btn-replace\">\n\t\t\n\t\t<a href=\"?add-to-cart=18513\" aria-describedby=\"woocommerce_loop_add_to_cart_link_describedby_18513\" data-quantity=\"1\" class=\"button product_type_simple add_to_cart_button ajax_add_to_cart add-to-cart-loop\" data-product_id=\"18513\" data-product_sku=\"LX302\" aria-label=\"In den Warenkorb legen: \u201eKlassisches 3-Sitzer-Sofa\u201c\" rel=\"nofollow\" data-success_message=\"\u201eKlassisches 3-Sitzer-Sofa\u201c wurde deinem Warenkorb hinzugef\u00fcgt\"><span>In den Warenkorb<\/span><\/a>\t<span id=\"woocommerce_loop_add_to_cart_link_describedby_18513\" class=\"screen-reader-text\">\n\t\t\t<\/span>\n\t<\/div>\n\n\t\n\t\n\t\t<\/div>\n<\/div>\n<div class=\"wd-product wd-hover-standard wd-col product-grid-item product type-product post-18518 status-publish first instock product_cat-sofas product_cat-zubehor has-post-thumbnail taxable shipping-taxable purchasable product-type-simple\" data-loop=\"12\" data-id=\"18518\">\n\t\n\t\n<div class=\"product-wrapper\">\n\t<div class=\"product-element-top wd-quick-shop\">\n\t\t<a href=\"https:\/\/luxbed.lu\/de\/skandinavisches-2-sitzer-sofa-mit-abnehmbaren-armlehnen\/\" class=\"product-image-link\">\n\t\t\t<img loading=\"lazy\" decoding=\"async\" width=\"500\" height=\"500\" src=\"https:\/\/luxbed.lu\/wp-content\/uploads\/2020\/10\/canape-scandinave-2-places-500x500.png\" class=\"attachment-woocommerce_thumbnail size-woocommerce_thumbnail\" alt=\"Lit escamotable luxul |\" srcset=\"https:\/\/luxbed.lu\/wp-content\/uploads\/2020\/10\/canape-scandinave-2-places-500x500.png 500w, https:\/\/luxbed.lu\/wp-content\/uploads\/2020\/10\/canape-scandinave-2-places-350x350.png 350w, https:\/\/luxbed.lu\/wp-content\/uploads\/2020\/10\/canape-scandinave-2-places-300x300.png 300w, https:\/\/luxbed.lu\/wp-content\/uploads\/2020\/10\/canape-scandinave-2-places-150x150.png 150w, https:\/\/luxbed.lu\/wp-content\/uploads\/2020\/10\/canape-scandinave-2-places-768x768.png 768w, https:\/\/luxbed.lu\/wp-content\/uploads\/2020\/10\/canape-scandinave-2-places.png 924w\" sizes=\"auto, (max-width: 500px) 100vw, 500px\" title=\"\">\t\t<\/a>\n\n\t\t\n\t\t<div class=\"wd-buttons wd-pos-r-t\">\n\t\t\t\t\t\t\t\t\t\t\t\t\t\t<\/div>\n\t<\/div>\n\n\t\n\t\n\t<h3 class=\"wd-entities-title\"><a href=\"https:\/\/luxbed.lu\/de\/skandinavisches-2-sitzer-sofa-mit-abnehmbaren-armlehnen\/\">Skandinavisches 2-Sitzer-Sofa mit abnehmbaren Armlehnen<\/a><\/h3>\n\t\t\t\n\t<div class='jdgm-widget jdgm-preview-badge' data-id='18518'>\n\t<\/div>\n\n\t<span class=\"price\"><span class=\"woocommerce-Price-amount amount\"><bdi>529,90<span class=\"woocommerce-Price-currencySymbol\">&euro;<\/span><\/bdi><\/span><\/span>\n\n\t<div class=\"wd-add-btn wd-add-btn-replace\">\n\t\t\n\t\t<a href=\"?add-to-cart=18518\" aria-describedby=\"woocommerce_loop_add_to_cart_link_describedby_18518\" data-quantity=\"1\" class=\"button product_type_simple add_to_cart_button ajax_add_to_cart add-to-cart-loop\" data-product_id=\"18518\" data-product_sku=\"LX305\" aria-label=\"In den Warenkorb legen: \u201eSkandinavisches 2-Sitzer-Sofa mit abnehmbaren Armlehnen\u201c\" rel=\"nofollow\" data-success_message=\"\u201eSkandinavisches 2-Sitzer-Sofa mit abnehmbaren Armlehnen\u201c wurde deinem Warenkorb hinzugef\u00fcgt\"><span>In den Warenkorb<\/span><\/a>\t<span id=\"woocommerce_loop_add_to_cart_link_describedby_18518\" class=\"screen-reader-text\">\n\t\t\t<\/span>\n\t<\/div>\n\n\t\n\t\n\t\t<\/div>\n<\/div>\n<div class=\"wd-product wd-hover-standard wd-col product-grid-item product type-product post-18525 status-publish instock product_cat-sofas product_cat-zubehor has-post-thumbnail taxable shipping-taxable purchasable product-type-simple\" data-loop=\"13\" data-id=\"18525\">\n\t\n\t\n<div class=\"product-wrapper\">\n\t<div class=\"product-element-top wd-quick-shop\">\n\t\t<a href=\"https:\/\/luxbed.lu\/de\/skandinavisches-3-sitzer-sofa\/\" class=\"product-image-link\">\n\t\t\t<img loading=\"lazy\" decoding=\"async\" width=\"500\" height=\"500\" src=\"https:\/\/luxbed.lu\/wp-content\/uploads\/2020\/10\/canape-scandinave-3-places-gris-500x500.png\" class=\"attachment-woocommerce_thumbnail size-woocommerce_thumbnail\" alt=\"Lit escamotable luxul |\" srcset=\"https:\/\/luxbed.lu\/wp-content\/uploads\/2020\/10\/canape-scandinave-3-places-gris-500x500.png 500w, https:\/\/luxbed.lu\/wp-content\/uploads\/2020\/10\/canape-scandinave-3-places-gris-350x350.png 350w, https:\/\/luxbed.lu\/wp-content\/uploads\/2020\/10\/canape-scandinave-3-places-gris-300x300.png 300w, https:\/\/luxbed.lu\/wp-content\/uploads\/2020\/10\/canape-scandinave-3-places-gris-150x150.png 150w, https:\/\/luxbed.lu\/wp-content\/uploads\/2020\/10\/canape-scandinave-3-places-gris-768x768.png 768w, https:\/\/luxbed.lu\/wp-content\/uploads\/2020\/10\/canape-scandinave-3-places-gris.png 924w\" sizes=\"auto, (max-width: 500px) 100vw, 500px\" title=\"\">\t\t<\/a>\n\n\t\t\n\t\t<div class=\"wd-buttons wd-pos-r-t\">\n\t\t\t\t\t\t\t\t\t\t\t\t\t\t<\/div>\n\t<\/div>\n\n\t\n\t\n\t<h3 class=\"wd-entities-title\"><a href=\"https:\/\/luxbed.lu\/de\/skandinavisches-3-sitzer-sofa\/\">Skandinavisches 3-Sitzer-Sofa<\/a><\/h3>\n\t\t\t\n\t<div class='jdgm-widget jdgm-preview-badge' data-id='18525'>\n\t<\/div>\n\n\t<span class=\"price\"><span class=\"woocommerce-Price-amount amount\"><bdi>639,90<span class=\"woocommerce-Price-currencySymbol\">&euro;<\/span><\/bdi><\/span><\/span>\n\n\t<div class=\"wd-add-btn wd-add-btn-replace\">\n\t\t\n\t\t<a href=\"?add-to-cart=18525\" aria-describedby=\"woocommerce_loop_add_to_cart_link_describedby_18525\" data-quantity=\"1\" class=\"button product_type_simple add_to_cart_button ajax_add_to_cart add-to-cart-loop\" data-product_id=\"18525\" data-product_sku=\"LX306\" aria-label=\"In den Warenkorb legen: \u201eSkandinavisches 3-Sitzer-Sofa\u201c\" rel=\"nofollow\" data-success_message=\"\u201eSkandinavisches 3-Sitzer-Sofa\u201c wurde deinem Warenkorb hinzugef\u00fcgt\"><span>In den Warenkorb<\/span><\/a>\t<span id=\"woocommerce_loop_add_to_cart_link_describedby_18525\" class=\"screen-reader-text\">\n\t\t\t<\/span>\n\t<\/div>\n\n\t\n\t\n\t\t<\/div>\n<\/div>\n<div class=\"wd-product wd-hover-standard wd-col product-grid-item product type-product post-18526 status-publish instock product_cat-sofas product_cat-zubehor has-post-thumbnail taxable shipping-taxable purchasable product-type-simple\" data-loop=\"14\" data-id=\"18526\">\n\t\n\t\n<div class=\"product-wrapper\">\n\t<div class=\"product-element-top wd-quick-shop\">\n\t\t<a href=\"https:\/\/luxbed.lu\/de\/skandinavisches-3-sitzer-ecksofa-mit-abnehmbaren-armlehnen\/\" class=\"product-image-link\">\n\t\t\t<img loading=\"lazy\" decoding=\"async\" width=\"500\" height=\"500\" src=\"https:\/\/luxbed.lu\/wp-content\/uploads\/2020\/10\/canape-scandinave-angle-3-places-500x500.png\" class=\"attachment-woocommerce_thumbnail size-woocommerce_thumbnail\" alt=\"Lit escamotable luxul |\" srcset=\"https:\/\/luxbed.lu\/wp-content\/uploads\/2020\/10\/canape-scandinave-angle-3-places-500x500.png 500w, https:\/\/luxbed.lu\/wp-content\/uploads\/2020\/10\/canape-scandinave-angle-3-places-350x350.png 350w, https:\/\/luxbed.lu\/wp-content\/uploads\/2020\/10\/canape-scandinave-angle-3-places-300x300.png 300w, https:\/\/luxbed.lu\/wp-content\/uploads\/2020\/10\/canape-scandinave-angle-3-places-150x150.png 150w, https:\/\/luxbed.lu\/wp-content\/uploads\/2020\/10\/canape-scandinave-angle-3-places-768x768.png 768w, https:\/\/luxbed.lu\/wp-content\/uploads\/2020\/10\/canape-scandinave-angle-3-places.png 924w\" sizes=\"auto, (max-width: 500px) 100vw, 500px\" title=\"\">\t\t<\/a>\n\n\t\t\t\t\t<div class=\"hover-img\">\n\t\t\t\t<a href=\"https:\/\/luxbed.lu\/de\/skandinavisches-3-sitzer-ecksofa-mit-abnehmbaren-armlehnen\/\" aria-label=\"Product image\">\n\t\t\t\t\t<img loading=\"lazy\" decoding=\"async\" width=\"500\" height=\"500\" src=\"https:\/\/luxbed.lu\/wp-content\/uploads\/2020\/10\/canape-scandinave-angle-3-places-gri-500x500.png\" class=\"attachment-woocommerce_thumbnail size-woocommerce_thumbnail\" alt=\"Lit escamotable luxul |\" srcset=\"https:\/\/luxbed.lu\/wp-content\/uploads\/2020\/10\/canape-scandinave-angle-3-places-gri-500x500.png 500w, https:\/\/luxbed.lu\/wp-content\/uploads\/2020\/10\/canape-scandinave-angle-3-places-gri-350x350.png 350w, https:\/\/luxbed.lu\/wp-content\/uploads\/2020\/10\/canape-scandinave-angle-3-places-gri-300x300.png 300w, https:\/\/luxbed.lu\/wp-content\/uploads\/2020\/10\/canape-scandinave-angle-3-places-gri-150x150.png 150w, https:\/\/luxbed.lu\/wp-content\/uploads\/2020\/10\/canape-scandinave-angle-3-places-gri-768x768.png 768w, https:\/\/luxbed.lu\/wp-content\/uploads\/2020\/10\/canape-scandinave-angle-3-places-gri.png 924w\" sizes=\"auto, (max-width: 500px) 100vw, 500px\" title=\"\">\t\t\t\t<\/a>\n\t\t\t<\/div>\n\t\t\t\n\t\t<div class=\"wd-buttons wd-pos-r-t\">\n\t\t\t\t\t\t\t\t\t\t\t\t\t\t<\/div>\n\t<\/div>\n\n\t\n\t\n\t<h3 class=\"wd-entities-title\"><a href=\"https:\/\/luxbed.lu\/de\/skandinavisches-3-sitzer-ecksofa-mit-abnehmbaren-armlehnen\/\">Skandinavisches 3-Sitzer-Ecksofa mit abnehmbaren Armlehnen<\/a><\/h3>\n\t\t\t\n\t<div class='jdgm-widget jdgm-preview-badge' data-id='18526'>\n\t<\/div>\n\n\t<span class=\"price\"><span class=\"woocommerce-Price-amount amount\"><bdi>658,90<span class=\"woocommerce-Price-currencySymbol\">&euro;<\/span><\/bdi><\/span><\/span>\n\n\t<div class=\"wd-add-btn wd-add-btn-replace\">\n\t\t\n\t\t<a href=\"?add-to-cart=18526\" aria-describedby=\"woocommerce_loop_add_to_cart_link_describedby_18526\" data-quantity=\"1\" class=\"button product_type_simple add_to_cart_button ajax_add_to_cart add-to-cart-loop\" data-product_id=\"18526\" data-product_sku=\"LX307\" aria-label=\"In den Warenkorb legen: \u201eSkandinavisches 3-Sitzer-Ecksofa mit abnehmbaren Armlehnen\u201c\" rel=\"nofollow\" data-success_message=\"\u201eSkandinavisches 3-Sitzer-Ecksofa mit abnehmbaren Armlehnen\u201c wurde deinem Warenkorb hinzugef\u00fcgt\"><span>In den Warenkorb<\/span><\/a>\t<span id=\"woocommerce_loop_add_to_cart_link_describedby_18526\" class=\"screen-reader-text\">\n\t\t\t<\/span>\n\t<\/div>\n\n\t\n\t\n\t\t<\/div>\n<\/div>\n<div class=\"wd-product wd-hover-standard wd-col product-grid-item product type-product post-18553 status-publish last instock product_cat-aufbewahrungsmobel product_cat-zubehor has-post-thumbnail taxable shipping-taxable purchasable product-type-simple\" data-loop=\"15\" data-id=\"18553\">\n\t\n\t\n<div class=\"product-wrapper\">\n\t<div class=\"product-element-top wd-quick-shop\">\n\t\t<a href=\"https:\/\/luxbed.lu\/de\/beleuchtung-led-lampe-usb-anschluss-touch\/\" class=\"product-image-link\">\n\t\t\t<img loading=\"lazy\" decoding=\"async\" width=\"500\" height=\"500\" src=\"https:\/\/luxbed.lu\/wp-content\/uploads\/2020\/10\/eclairage-lampe-LED-connexion-USB-tactile-500x500.png\" class=\"attachment-woocommerce_thumbnail size-woocommerce_thumbnail\" alt=\"Lit escamotable luxul |\" srcset=\"https:\/\/luxbed.lu\/wp-content\/uploads\/2020\/10\/eclairage-lampe-LED-connexion-USB-tactile-500x500.png 500w, https:\/\/luxbed.lu\/wp-content\/uploads\/2020\/10\/eclairage-lampe-LED-connexion-USB-tactile-350x350.png 350w, https:\/\/luxbed.lu\/wp-content\/uploads\/2020\/10\/eclairage-lampe-LED-connexion-USB-tactile-300x300.png 300w, https:\/\/luxbed.lu\/wp-content\/uploads\/2020\/10\/eclairage-lampe-LED-connexion-USB-tactile-150x150.png 150w, https:\/\/luxbed.lu\/wp-content\/uploads\/2020\/10\/eclairage-lampe-LED-connexion-USB-tactile-768x768.png 768w, https:\/\/luxbed.lu\/wp-content\/uploads\/2020\/10\/eclairage-lampe-LED-connexion-USB-tactile.png 924w\" sizes=\"auto, (max-width: 500px) 100vw, 500px\" title=\"\">\t\t<\/a>\n\n\t\t\n\t\t<div class=\"wd-buttons wd-pos-r-t\">\n\t\t\t\t\t\t\t\t\t\t\t\t\t\t<\/div>\n\t<\/div>\n\n\t\n\t\n\t<h3 class=\"wd-entities-title\"><a href=\"https:\/\/luxbed.lu\/de\/beleuchtung-led-lampe-usb-anschluss-touch\/\">Beleuchtung LED-Lampe USB-Anschluss Touch<\/a><\/h3>\n\t\t\t\n\t<div class='jdgm-widget jdgm-preview-badge' data-id='18553'>\n\t<\/div>\n\n\t<span class=\"price\"><span class=\"woocommerce-Price-amount amount\"><bdi>31,90<span class=\"woocommerce-Price-currencySymbol\">&euro;<\/span><\/bdi><\/span><\/span>\n\n\t<div class=\"wd-add-btn wd-add-btn-replace\">\n\t\t\n\t\t<a href=\"?add-to-cart=18553\" aria-describedby=\"woocommerce_loop_add_to_cart_link_describedby_18553\" data-quantity=\"1\" class=\"button product_type_simple add_to_cart_button ajax_add_to_cart add-to-cart-loop\" data-product_id=\"18553\" data-product_sku=\"LX002\" aria-label=\"In den Warenkorb legen: \u201eBeleuchtung LED-Lampe USB-Anschluss Touch\u201c\" rel=\"nofollow\" data-success_message=\"\u201eBeleuchtung LED-Lampe USB-Anschluss Touch\u201c wurde deinem Warenkorb hinzugef\u00fcgt\"><span>In den Warenkorb<\/span><\/a>\t<span id=\"woocommerce_loop_add_to_cart_link_describedby_18553\" class=\"screen-reader-text\">\n\t\t\t<\/span>\n\t<\/div>\n\n\t\n\t\n\t\t<\/div>\n<\/div>\n<div class=\"wd-product wd-hover-standard wd-col product-grid-item product type-product post-18620 status-publish first instock product_cat-aufbewahrungsmobel product_cat-zubehor has-post-thumbnail taxable shipping-taxable purchasable product-type-variable has-default-attributes\" data-loop=\"16\" data-id=\"18620\">\n\t\n\t\n<div class=\"product-wrapper\">\n\t<div class=\"product-element-top wd-quick-shop\">\n\t\t<a href=\"https:\/\/luxbed.lu\/de\/regal-das-als-fuss-an-der-fassade-dient\/\" class=\"product-image-link\">\n\t\t\t<img loading=\"lazy\" decoding=\"async\" width=\"500\" height=\"500\" src=\"https:\/\/luxbed.lu\/wp-content\/uploads\/2020\/10\/Armoire-lit-escamotable-vertical-2-places-lit-pied-500x500.jpg\" class=\"attachment-woocommerce_thumbnail size-woocommerce_thumbnail\" alt=\"Lit escamotable luxul |\" srcset=\"https:\/\/luxbed.lu\/wp-content\/uploads\/2020\/10\/Armoire-lit-escamotable-vertical-2-places-lit-pied-500x500.jpg 500w, https:\/\/luxbed.lu\/wp-content\/uploads\/2020\/10\/Armoire-lit-escamotable-vertical-2-places-lit-pied-350x350.jpg 350w, https:\/\/luxbed.lu\/wp-content\/uploads\/2020\/10\/Armoire-lit-escamotable-vertical-2-places-lit-pied-300x300.jpg 300w, https:\/\/luxbed.lu\/wp-content\/uploads\/2020\/10\/Armoire-lit-escamotable-vertical-2-places-lit-pied-150x150.jpg 150w, https:\/\/luxbed.lu\/wp-content\/uploads\/2020\/10\/Armoire-lit-escamotable-vertical-2-places-lit-pied-768x768.jpg 768w, https:\/\/luxbed.lu\/wp-content\/uploads\/2020\/10\/Armoire-lit-escamotable-vertical-2-places-lit-pied.jpg 924w\" sizes=\"auto, (max-width: 500px) 100vw, 500px\" title=\"\">\t\t<\/a>\n\n\t\t\n\t\t<div class=\"wd-buttons wd-pos-r-t\">\n\t\t\t\t\t\t\t\t\t\t\t\t\t\t<\/div>\n\t<\/div>\n\n\t\n\t\n\t<h3 class=\"wd-entities-title\"><a href=\"https:\/\/luxbed.lu\/de\/regal-das-als-fuss-an-der-fassade-dient\/\">Regal, das als Fu\u00df an der Fassade dient<\/a><\/h3>\n\t\t\t\n\t<div class='jdgm-widget jdgm-preview-badge' data-id='18620'>\n\t<\/div>\n\n\t<span class=\"price\">\u00e0 partir de <span class=\"woocommerce-Price-amount amount\"><bdi>74,90<span class=\"woocommerce-Price-currencySymbol\">&euro;<\/span><\/bdi><\/span><\/span>\n\n\t<div class=\"wd-add-btn wd-add-btn-replace\">\n\t\t\n\t\t<a href=\"https:\/\/luxbed.lu\/de\/regal-das-als-fuss-an-der-fassade-dient\/\" aria-describedby=\"woocommerce_loop_add_to_cart_link_describedby_18620\" data-quantity=\"1\" class=\"button product_type_variable add_to_cart_button add-to-cart-loop\" data-product_id=\"18620\" data-product_sku=\"\" aria-label=\"W\u00e4hle Optionen f\u00fcr \u201eRegal, das als Fu\u00df an der Fassade dient\u201c\" rel=\"nofollow\"><span>Ausf\u00fchrung w\u00e4hlen<\/span><\/a>\t<span id=\"woocommerce_loop_add_to_cart_link_describedby_18620\" class=\"screen-reader-text\">\n\t\tDieses Produkt weist mehrere Varianten auf. Die Optionen k\u00f6nnen auf der Produktseite gew\u00e4hlt werden\t<\/span>\n\t<\/div>\n\n\t\n\t\n\t\t<\/div>\n<\/div>\n<div class=\"wd-product wd-hover-standard wd-col product-grid-item product type-product post-18589 status-publish instock product_cat-aufbewahrungsmobel product_cat-zubehor has-post-thumbnail taxable shipping-taxable purchasable product-type-variable\" data-loop=\"17\" data-id=\"18589\">\n\t\n\t\n<div class=\"product-wrapper\">\n\t<div class=\"product-element-top wd-quick-shop\">\n\t\t<a href=\"https:\/\/luxbed.lu\/de\/mehrere-regale-an-beiden-enden\/\" class=\"product-image-link\">\n\t\t\t<img loading=\"lazy\" decoding=\"async\" width=\"500\" height=\"500\" src=\"https:\/\/luxbed.lu\/wp-content\/uploads\/2020\/10\/etageres-multiples-couleur-1-500x500.png\" class=\"attachment-woocommerce_thumbnail size-woocommerce_thumbnail\" alt=\"Lit escamotable luxul |\" srcset=\"https:\/\/luxbed.lu\/wp-content\/uploads\/2020\/10\/etageres-multiples-couleur-1-500x500.png 500w, https:\/\/luxbed.lu\/wp-content\/uploads\/2020\/10\/etageres-multiples-couleur-1-350x350.png 350w, https:\/\/luxbed.lu\/wp-content\/uploads\/2020\/10\/etageres-multiples-couleur-1-300x300.png 300w, https:\/\/luxbed.lu\/wp-content\/uploads\/2020\/10\/etageres-multiples-couleur-1-150x150.png 150w, https:\/\/luxbed.lu\/wp-content\/uploads\/2020\/10\/etageres-multiples-couleur-1-768x768.png 768w, https:\/\/luxbed.lu\/wp-content\/uploads\/2020\/10\/etageres-multiples-couleur-1.png 924w\" sizes=\"auto, (max-width: 500px) 100vw, 500px\" title=\"\">\t\t<\/a>\n\n\t\t\n\t\t<div class=\"wd-buttons wd-pos-r-t\">\n\t\t\t\t\t\t\t\t\t\t\t\t\t\t<\/div>\n\t<\/div>\n\n\t\n\t\n\t<h3 class=\"wd-entities-title\"><a href=\"https:\/\/luxbed.lu\/de\/mehrere-regale-an-beiden-enden\/\">Mehrere Regale an beiden Enden<\/a><\/h3>\n\t\t\t\n\t<div class='jdgm-widget jdgm-preview-badge' data-id='18589'>\n\t<\/div>\n\n\t<span class=\"price\">\u00e0 partir de <span class=\"woocommerce-Price-amount amount\"><bdi>64,90<span class=\"woocommerce-Price-currencySymbol\">&euro;<\/span><\/bdi><\/span><\/span>\n\n\t<div class=\"wd-add-btn wd-add-btn-replace\">\n\t\t\n\t\t<a href=\"https:\/\/luxbed.lu\/de\/mehrere-regale-an-beiden-enden\/\" aria-describedby=\"woocommerce_loop_add_to_cart_link_describedby_18589\" data-quantity=\"1\" class=\"button product_type_variable add_to_cart_button add-to-cart-loop\" data-product_id=\"18589\" data-product_sku=\"\" aria-label=\"W\u00e4hle Optionen f\u00fcr \u201eMehrere Regale an beiden Enden\u201c\" rel=\"nofollow\"><span>Ausf\u00fchrung w\u00e4hlen<\/span><\/a>\t<span id=\"woocommerce_loop_add_to_cart_link_describedby_18589\" class=\"screen-reader-text\">\n\t\tDieses Produkt weist mehrere Varianten auf. Die Optionen k\u00f6nnen auf der Produktseite gew\u00e4hlt werden\t<\/span>\n\t<\/div>\n\n\t\n\t\n\t\t<\/div>\n<\/div>\n<div class=\"wd-product wd-hover-standard wd-col product-grid-item product type-product post-18586 status-publish instock product_cat-aufbewahrungsmobel product_cat-zubehor has-post-thumbnail taxable shipping-taxable purchasable product-type-simple\" data-loop=\"18\" data-id=\"18586\">\n\t\n\t\n<div class=\"product-wrapper\">\n\t<div class=\"product-element-top wd-quick-shop\">\n\t\t<a href=\"https:\/\/luxbed.lu\/de\/usb-touch-led-lampe-und-dual-entry-usb-port-mit-adapter\/\" class=\"product-image-link\">\n\t\t\t<img loading=\"lazy\" decoding=\"async\" width=\"500\" height=\"500\" src=\"https:\/\/luxbed.lu\/wp-content\/uploads\/2020\/10\/paire-de-double-connexion-usb-1-500x500.jpg\" class=\"attachment-woocommerce_thumbnail size-woocommerce_thumbnail\" alt=\"Lit escamotable luxul |\" srcset=\"https:\/\/luxbed.lu\/wp-content\/uploads\/2020\/10\/paire-de-double-connexion-usb-1-500x500.jpg 500w, https:\/\/luxbed.lu\/wp-content\/uploads\/2020\/10\/paire-de-double-connexion-usb-1-350x350.jpg 350w, https:\/\/luxbed.lu\/wp-content\/uploads\/2020\/10\/paire-de-double-connexion-usb-1-300x300.jpg 300w, https:\/\/luxbed.lu\/wp-content\/uploads\/2020\/10\/paire-de-double-connexion-usb-1-150x150.jpg 150w, https:\/\/luxbed.lu\/wp-content\/uploads\/2020\/10\/paire-de-double-connexion-usb-1-768x768.jpg 768w, https:\/\/luxbed.lu\/wp-content\/uploads\/2020\/10\/paire-de-double-connexion-usb-1.jpg 924w\" sizes=\"auto, (max-width: 500px) 100vw, 500px\" title=\"\">\t\t<\/a>\n\n\t\t\n\t\t<div class=\"wd-buttons wd-pos-r-t\">\n\t\t\t\t\t\t\t\t\t\t\t\t\t\t<\/div>\n\t<\/div>\n\n\t\n\t\n\t<h3 class=\"wd-entities-title\"><a href=\"https:\/\/luxbed.lu\/de\/usb-touch-led-lampe-und-dual-entry-usb-port-mit-adapter\/\">USB-Touch-LED-Lampe und Dual-Entry-USB-Port mit Adapter<\/a><\/h3>\n\t\t\t\n\t<div class='jdgm-widget jdgm-preview-badge' data-id='18586'>\n\t<\/div>\n\n\t<span class=\"price\"><span class=\"woocommerce-Price-amount amount\"><bdi>54,90<span class=\"woocommerce-Price-currencySymbol\">&euro;<\/span><\/bdi><\/span><\/span>\n\n\t<div class=\"wd-add-btn wd-add-btn-replace\">\n\t\t\n\t\t<a href=\"?add-to-cart=18586\" aria-describedby=\"woocommerce_loop_add_to_cart_link_describedby_18586\" data-quantity=\"1\" class=\"button product_type_simple add_to_cart_button ajax_add_to_cart add-to-cart-loop\" data-product_id=\"18586\" data-product_sku=\"LX004\" aria-label=\"In den Warenkorb legen: \u201eUSB-Touch-LED-Lampe und Dual-Entry-USB-Port mit Adapter\u201c\" rel=\"nofollow\" data-success_message=\"\u201eUSB-Touch-LED-Lampe und Dual-Entry-USB-Port mit Adapter\u201c wurde deinem Warenkorb hinzugef\u00fcgt\"><span>In den Warenkorb<\/span><\/a>\t<span id=\"woocommerce_loop_add_to_cart_link_describedby_18586\" class=\"screen-reader-text\">\n\t\t\t<\/span>\n\t<\/div>\n\n\t\n\t\n\t\t<\/div>\n<\/div>\n<div class=\"wd-product wd-hover-standard wd-col product-grid-item product type-product post-18533 status-publish last instock product_cat-aufbewahrungsmobel product_cat-zubehor has-post-thumbnail taxable shipping-taxable purchasable product-type-simple\" data-loop=\"19\" data-id=\"18533\">\n\t\n\t\n<div class=\"product-wrapper\">\n\t<div class=\"product-element-top wd-quick-shop\">\n\t\t<a href=\"https:\/\/luxbed.lu\/de\/doppeltes-usb-anschlusspaar\/\" class=\"product-image-link\">\n\t\t\t<img loading=\"lazy\" decoding=\"async\" width=\"500\" height=\"500\" src=\"https:\/\/luxbed.lu\/wp-content\/uploads\/2020\/10\/port-paire-de-double-connexion-usb-500x500.jpg\" class=\"attachment-woocommerce_thumbnail size-woocommerce_thumbnail\" alt=\"Lit escamotable luxul |\" srcset=\"https:\/\/luxbed.lu\/wp-content\/uploads\/2020\/10\/port-paire-de-double-connexion-usb-500x500.jpg 500w, https:\/\/luxbed.lu\/wp-content\/uploads\/2020\/10\/port-paire-de-double-connexion-usb-350x350.jpg 350w, https:\/\/luxbed.lu\/wp-content\/uploads\/2020\/10\/port-paire-de-double-connexion-usb-300x300.jpg 300w, https:\/\/luxbed.lu\/wp-content\/uploads\/2020\/10\/port-paire-de-double-connexion-usb-150x150.jpg 150w, https:\/\/luxbed.lu\/wp-content\/uploads\/2020\/10\/port-paire-de-double-connexion-usb-768x768.jpg 768w, https:\/\/luxbed.lu\/wp-content\/uploads\/2020\/10\/port-paire-de-double-connexion-usb.jpg 924w\" sizes=\"auto, (max-width: 500px) 100vw, 500px\" title=\"\">\t\t<\/a>\n\n\t\t\n\t\t<div class=\"wd-buttons wd-pos-r-t\">\n\t\t\t\t\t\t\t\t\t\t\t\t\t\t<\/div>\n\t<\/div>\n\n\t\n\t\n\t<h3 class=\"wd-entities-title\"><a href=\"https:\/\/luxbed.lu\/de\/doppeltes-usb-anschlusspaar\/\">Doppeltes USB-Anschlusspaar<\/a><\/h3>\n\t\t\t\n\t<div class='jdgm-widget jdgm-preview-badge' data-id='18533'>\n\t<\/div>\n\n\t<span class=\"price\"><span class=\"woocommerce-Price-amount amount\"><bdi>26,40<span class=\"woocommerce-Price-currencySymbol\">&euro;<\/span><\/bdi><\/span><\/span>\n\n\t<div class=\"wd-add-btn wd-add-btn-replace\">\n\t\t\n\t\t<a href=\"?add-to-cart=18533\" aria-describedby=\"woocommerce_loop_add_to_cart_link_describedby_18533\" data-quantity=\"1\" class=\"button product_type_simple add_to_cart_button ajax_add_to_cart add-to-cart-loop\" data-product_id=\"18533\" data-product_sku=\"LX003\" aria-label=\"In den Warenkorb legen: \u201eDoppeltes USB-Anschlusspaar\u201c\" rel=\"nofollow\" data-success_message=\"\u201eDoppeltes USB-Anschlusspaar\u201c wurde deinem Warenkorb hinzugef\u00fcgt\"><span>In den Warenkorb<\/span><\/a>\t<span id=\"woocommerce_loop_add_to_cart_link_describedby_18533\" class=\"screen-reader-text\">\n\t\t\t<\/span>\n\t<\/div>\n\n\t\n\t\n\t\t<\/div>\n<\/div>\n<div class=\"wd-product wd-with-labels wd-hover-standard wd-col product-grid-item product type-product post-18550 status-publish first instock product_cat-sofas product_cat-zubehor has-post-thumbnail sale taxable shipping-taxable purchasable product-type-simple\" data-loop=\"20\" data-id=\"18550\">\n\t\n\t\n<div class=\"product-wrapper\">\n\t<div class=\"product-element-top wd-quick-shop\">\n\t\t<a href=\"https:\/\/luxbed.lu\/de\/skandinavischer-hocker\/\" class=\"product-image-link\">\n\t\t\t<div class=\"product-labels labels-rectangular\"><span class=\"onsale product-label\">-20%<\/span><\/div><img loading=\"lazy\" decoding=\"async\" width=\"500\" height=\"500\" src=\"https:\/\/luxbed.lu\/wp-content\/uploads\/2020\/10\/pouf-scandinave-500x500.png\" class=\"attachment-woocommerce_thumbnail size-woocommerce_thumbnail\" alt=\"Lit escamotable luxul |\" srcset=\"https:\/\/luxbed.lu\/wp-content\/uploads\/2020\/10\/pouf-scandinave-500x500.png 500w, https:\/\/luxbed.lu\/wp-content\/uploads\/2020\/10\/pouf-scandinave-350x350.png 350w, https:\/\/luxbed.lu\/wp-content\/uploads\/2020\/10\/pouf-scandinave-300x300.png 300w, https:\/\/luxbed.lu\/wp-content\/uploads\/2020\/10\/pouf-scandinave-150x150.png 150w, https:\/\/luxbed.lu\/wp-content\/uploads\/2020\/10\/pouf-scandinave-768x768.png 768w, https:\/\/luxbed.lu\/wp-content\/uploads\/2020\/10\/pouf-scandinave.png 924w\" sizes=\"auto, (max-width: 500px) 100vw, 500px\" title=\"\">\t\t<\/a>\n\n\t\t\n\t\t<div class=\"wd-buttons wd-pos-r-t\">\n\t\t\t\t\t\t\t\t\t\t\t\t\t\t<\/div>\n\t<\/div>\n\n\t\n\t\n\t<h3 class=\"wd-entities-title\"><a href=\"https:\/\/luxbed.lu\/de\/skandinavischer-hocker\/\">Skandinavischer Hocker<\/a><\/h3>\n\t\t\t\n\t<div class='jdgm-widget jdgm-preview-badge' data-id='18550'>\n\t<\/div>\n\n\t<span class=\"price\"><del aria-hidden=\"true\"><span class=\"woocommerce-Price-amount amount\"><bdi>249,90<span class=\"woocommerce-Price-currencySymbol\">&euro;<\/span><\/bdi><\/span><\/del> <span class=\"screen-reader-text\">Urspr\u00fcnglicher Preis war: 249,90&euro;<\/span><ins aria-hidden=\"true\"><span class=\"woocommerce-Price-amount amount\"><bdi>199,90<span class=\"woocommerce-Price-currencySymbol\">&euro;<\/span><\/bdi><\/span><\/ins><span class=\"screen-reader-text\">Aktueller Preis ist: 199,90&euro;.<\/span><\/span>\n\n\t<div class=\"wd-add-btn wd-add-btn-replace\">\n\t\t\n\t\t<a href=\"?add-to-cart=18550\" aria-describedby=\"woocommerce_loop_add_to_cart_link_describedby_18550\" data-quantity=\"1\" class=\"button product_type_simple add_to_cart_button ajax_add_to_cart add-to-cart-loop\" data-product_id=\"18550\" data-product_sku=\"LX308\" aria-label=\"In den Warenkorb legen: \u201eSkandinavischer Hocker\u201c\" rel=\"nofollow\" data-success_message=\"\u201eSkandinavischer Hocker\u201c wurde deinem Warenkorb hinzugef\u00fcgt\"><span>In den Warenkorb<\/span><\/a>\t<span id=\"woocommerce_loop_add_to_cart_link_describedby_18550\" class=\"screen-reader-text\">\n\t\t\t<\/span>\n\t<\/div>\n\n\t\n\t\n\t\t<\/div>\n<\/div>\n<div class=\"wd-product wd-hover-standard wd-col product-grid-item product type-product post-18554 status-publish instock product_cat-aufbewahrungsmobel product_cat-zubehor has-post-thumbnail taxable shipping-taxable purchasable product-type-variable\" data-loop=\"21\" data-id=\"18554\">\n\t\n\t\n<div class=\"product-wrapper\">\n\t<div class=\"product-element-top wd-quick-shop\">\n\t\t<a href=\"https:\/\/luxbed.lu\/de\/arbeitstisch-90-140-190cm-buero\/\" class=\"product-image-link\">\n\t\t\t<img loading=\"lazy\" decoding=\"async\" width=\"500\" height=\"500\" src=\"https:\/\/luxbed.lu\/wp-content\/uploads\/2020\/10\/lit-escamotable-horizontal-optimal-1-place-avec-armoire-sur-meuble-detail-500x500.jpg\" class=\"attachment-woocommerce_thumbnail size-woocommerce_thumbnail\" alt=\"Lit escamotable luxul |\" srcset=\"https:\/\/luxbed.lu\/wp-content\/uploads\/2020\/10\/lit-escamotable-horizontal-optimal-1-place-avec-armoire-sur-meuble-detail-500x500.jpg 500w, https:\/\/luxbed.lu\/wp-content\/uploads\/2020\/10\/lit-escamotable-horizontal-optimal-1-place-avec-armoire-sur-meuble-detail-350x350.jpg 350w, https:\/\/luxbed.lu\/wp-content\/uploads\/2020\/10\/lit-escamotable-horizontal-optimal-1-place-avec-armoire-sur-meuble-detail-300x300.jpg 300w, https:\/\/luxbed.lu\/wp-content\/uploads\/2020\/10\/lit-escamotable-horizontal-optimal-1-place-avec-armoire-sur-meuble-detail-150x150.jpg 150w, https:\/\/luxbed.lu\/wp-content\/uploads\/2020\/10\/lit-escamotable-horizontal-optimal-1-place-avec-armoire-sur-meuble-detail-768x768.jpg 768w, https:\/\/luxbed.lu\/wp-content\/uploads\/2020\/10\/lit-escamotable-horizontal-optimal-1-place-avec-armoire-sur-meuble-detail.jpg 924w\" sizes=\"auto, (max-width: 500px) 100vw, 500px\" title=\"\">\t\t<\/a>\n\n\t\t\n\t\t<div class=\"wd-buttons wd-pos-r-t\">\n\t\t\t\t\t\t\t\t\t\t\t\t\t\t<\/div>\n\t<\/div>\n\n\t\n\t\n\t<h3 class=\"wd-entities-title\"><a href=\"https:\/\/luxbed.lu\/de\/arbeitstisch-90-140-190cm-buero\/\">Arbeitstisch 90\/140\/190cm &#8211; B\u00fcro<\/a><\/h3>\n\t\t\t\n\t<div class='jdgm-widget jdgm-preview-badge' data-id='18554'>\n\t<\/div>\n\n\t<span class=\"price\">\u00e0 partir de <span class=\"woocommerce-Price-amount amount\"><bdi>119,90<span class=\"woocommerce-Price-currencySymbol\">&euro;<\/span><\/bdi><\/span><\/span>\n\n\t<div class=\"wd-add-btn wd-add-btn-replace\">\n\t\t\n\t\t<a href=\"https:\/\/luxbed.lu\/de\/arbeitstisch-90-140-190cm-buero\/\" aria-describedby=\"woocommerce_loop_add_to_cart_link_describedby_18554\" data-quantity=\"1\" class=\"button product_type_variable add_to_cart_button add-to-cart-loop\" data-product_id=\"18554\" data-product_sku=\"\" aria-label=\"W\u00e4hle Optionen f\u00fcr \u201eArbeitstisch 90\/140\/190cm - B\u00fcro\u201c\" rel=\"nofollow\"><span>Ausf\u00fchrung w\u00e4hlen<\/span><\/a>\t<span id=\"woocommerce_loop_add_to_cart_link_describedby_18554\" class=\"screen-reader-text\">\n\t\tDieses Produkt weist mehrere Varianten auf. Die Optionen k\u00f6nnen auf der Produktseite gew\u00e4hlt werden\t<\/span>\n\t<\/div>\n\n\t\n\t\n\t\t<\/div>\n<\/div>\n\t\t\t<\/div>\n\t\t\t<\/div>[\/vc_column][\/vc_row]<\/p>\n<\/div>","protected":false},"excerpt":{"rendered":"<p>[vc_row css=&#8220;.vc_custom_1500912588648{margin-bottom: 5vh !important;}&#8220; el_class=&#8220;z-index-h position-relative&#8220;][vc_column][\/vc_column][\/vc_row][vc_row][vc_column][\/vc_column][\/vc_row]<\/p>\n","protected":false},"author":1,"featured_media":0,"parent":0,"menu_order":0,"comment_status":"closed","ping_status":"closed","template":"","meta":{"footnotes":""},"class_list":["post-17791","page","type-page","status-publish","hentry"],"_links":{"self":[{"href":"https:\/\/luxbed.lu\/de\/wp-json\/wp\/v2\/pages\/17791","targetHints":{"allow":["GET"]}}],"collection":[{"href":"https:\/\/luxbed.lu\/de\/wp-json\/wp\/v2\/pages"}],"about":[{"href":"https:\/\/luxbed.lu\/de\/wp-json\/wp\/v2\/types\/page"}],"author":[{"embeddable":true,"href":"https:\/\/luxbed.lu\/de\/wp-json\/wp\/v2\/users\/1"}],"replies":[{"embeddable":true,"href":"https:\/\/luxbed.lu\/de\/wp-json\/wp\/v2\/comments?post=17791"}],"version-history":[{"count":1,"href":"https:\/\/luxbed.lu\/de\/wp-json\/wp\/v2\/pages\/17791\/revisions"}],"predecessor-version":[{"id":17794,"href":"https:\/\/luxbed.lu\/de\/wp-json\/wp\/v2\/pages\/17791\/revisions\/17794"}],"wp:attachment":[{"href":"https:\/\/luxbed.lu\/de\/wp-json\/wp\/v2\/media?parent=17791"}],"curies":[{"name":"wp","href":"https:\/\/api.w.org\/{rel}","templated":true}]}}